{"id":1377,"date":"2024-04-23T14:24:23","date_gmt":"2024-04-23T14:24:23","guid":{"rendered":"https:\/\/icgsrl.it\/ita\/?page_id=1377"},"modified":"2024-04-30T11:22:40","modified_gmt":"2024-04-30T11:22:40","slug":"edilizia-sociale-via-civitavecchia","status":"publish","type":"page","link":"https:\/\/icgsrl.it\/ita\/edilizia-sociale-via-civitavecchia\/","title":{"rendered":"edilizia sociale \u2013 via Civitavecchia"},"content":{"rendered":"<p>[et_pb_section fb_built=&#8221;1&#8243; admin_label=&#8221;Hero&#8221; _builder_version=&#8221;4.25.0&#8243; use_background_color_gradient=&#8221;on&#8221; background_color_gradient_type=&#8221;circular&#8221; background_color_gradient_direction_radial=&#8221;top left&#8221; background_color_gradient_stops=&#8221;rgba(40,40,40,0.79) 0%|rgba(40,40,40,0.86) 100%&#8221; background_color_gradient_overlays_image=&#8221;on&#8221; background_color_gradient_start=&#8221;rgba(40,40,40,0.79)&#8221; background_color_gradient_end=&#8221;rgba(40,40,40,0.86)&#8221; background_image=&#8221;https:\/\/icgsrl.it\/ita\/wp-content\/uploads\/2024\/04\/via-Civitavecchia-9.jpg&#8221; custom_margin=&#8221;||||false&#8221; custom_padding=&#8221;10vw||10vw||true|false&#8221; global_colors_info=&#8221;{}&#8221;][et_pb_row _builder_version=&#8221;4.16&#8243; global_colors_info=&#8221;{}&#8221;][et_pb_column type=&#8221;4_4&#8243; _builder_version=&#8221;4.16&#8243; custom_padding=&#8221;|||&#8221; global_colors_info=&#8221;{}&#8221; custom_padding__hover=&#8221;|||&#8221;][et_pb_text _builder_version=&#8221;4.25.0&#8243; text_font=&#8221;||||||||&#8221; header_font=&#8221;Rubik|700|||||||&#8221; header_font_size=&#8221;64px&#8221; header_line_height=&#8221;1.1em&#8221; background_layout=&#8221;dark&#8221; max_width=&#8221;1129px&#8221; custom_margin=&#8221;||0px|&#8221; custom_padding=&#8221;|||16px&#8221; text_font_size_tablet=&#8221;14px&#8221; text_font_size_last_edited=&#8221;off|desktop&#8221; header_font_size_tablet=&#8221;44px&#8221; header_font_size_phone=&#8221;32px&#8221; header_font_size_last_edited=&#8221;on|phone&#8221; border_color_all=&#8221;#ffb400&#8243; border_width_left=&#8221;10px&#8221; global_colors_info=&#8221;{}&#8221;]<\/p>\n<h1>COMUNE DI MILANO<br \/><span style=\"color: #ffb400;\"><em>Edilizia Sociale<br \/>Via Civitavecchia<\/em><\/span><\/h1>\n<p>[\/et_pb_text][et_pb_text _builder_version=&#8221;4.25.0&#8243; text_font=&#8221;||||||||&#8221; text_font_size=&#8221;22px&#8221; text_line_height=&#8221;1.6em&#8221; header_font=&#8221;||||||||&#8221; background_layout=&#8221;dark&#8221; max_width=&#8221;1164px&#8221; custom_margin=&#8221;|||&#8221; custom_padding=&#8221;20px||20px||true&#8221; text_font_size_tablet=&#8221;18px&#8221; text_font_size_phone=&#8221;&#8221; text_font_size_last_edited=&#8221;on|phone&#8221; global_colors_info=&#8221;{}&#8221;]<\/p>\n<p>ABITARE A MILANO\/1 &#8211; Nuovi spazi urbani per gli insediamenti di edilizia sociale \u2013 via Civitavecchia<\/p>\n<p>[\/et_pb_text][\/et_pb_column][\/et_pb_row][\/et_pb_section][et_pb_section fb_built=&#8221;1&#8243; admin_label=&#8221;Project Details&#8221; _builder_version=&#8221;4.16&#8243; custom_padding=&#8221;90px||90px||true&#8221; global_colors_info=&#8221;{}&#8221;][et_pb_row column_structure=&#8221;1_2,1_2&#8243; _builder_version=&#8221;4.16&#8243; global_colors_info=&#8221;{}&#8221;][et_pb_column type=&#8221;1_2&#8243; _builder_version=&#8221;4.16&#8243; custom_padding=&#8221;|||&#8221; global_colors_info=&#8221;{}&#8221; custom_padding__hover=&#8221;|||&#8221;][et_pb_text _builder_version=&#8221;4.24.3&#8243; text_font=&#8221;||||||||&#8221; link_font=&#8221;||||||||&#8221; ul_font=&#8221;||||||||&#8221; ol_font=&#8221;||||||||&#8221; quote_font=&#8221;||||||||&#8221; header_font=&#8221;||||||||&#8221; header_2_font=&#8221;Rubik|700|||||||&#8221; header_2_font_size=&#8221;42px&#8221; header_2_line_height=&#8221;1.2em&#8221; module_alignment=&#8221;center&#8221; custom_margin=&#8221;|||&#8221; custom_padding=&#8221;|||&#8221; header_2_font_size_tablet=&#8221;&#8221; header_2_font_size_phone=&#8221;36px&#8221; header_2_font_size_last_edited=&#8221;on|phone&#8221; locked=&#8221;off&#8221; global_colors_info=&#8221;{}&#8221;]<\/p>\n<h2>Dettagli del Progetto<\/h2>\n<p>[\/et_pb_text][et_pb_divider color=&#8221;#ffb400&#8243; divider_position=&#8221;center&#8221; divider_weight=&#8221;5px&#8221; _builder_version=&#8221;4.16&#8243; max_width=&#8221;50px&#8221; locked=&#8221;off&#8221; global_colors_info=&#8221;{}&#8221;][\/et_pb_divider][et_pb_text _builder_version=&#8221;4.25.0&#8243; text_font=&#8221;||||||||&#8221; text_font_size=&#8221;15px&#8221; text_line_height=&#8221;1.8em&#8221; custom_padding=&#8221;|||&#8221; custom_padding_tablet=&#8221;|40px||40px||true&#8221; custom_padding_last_edited=&#8221;off|desktop&#8221; locked=&#8221;off&#8221; global_colors_info=&#8221;{}&#8221;]<\/p>\n<p style=\"font-weight: 400;\">Milano<br \/>Via Civitavecchia<\/p>\n<p style=\"font-weight: 400;\"><span style=\"color: #000000;\"><strong>\u20ac:<\/strong> 12.028.833,74<\/span><\/p>\n<p style=\"font-weight: 400;\"><span style=\"color: #000000;\"><strong>Data:<\/strong> 2006-2010<\/span><\/p>\n<p><span style=\"color: #000000;\"><strong>Committente:<\/strong> COMUNE DI MILANO<\/span><\/p>\n<p><span style=\"color: #000000;\"><strong>Progettista:<\/strong> Studio Associato Consalez-Rossi &#8211;\u00a0 Milano<\/span><\/p>\n<p><span style=\"color: #000000;\"><strong>Direttore Lavori:<\/strong> Dott. Ing. Carenzi Ambrogio<\/span><\/p>\n<p>[\/et_pb_text][\/et_pb_column][et_pb_column type=&#8221;1_2&#8243; _builder_version=&#8221;4.16&#8243; custom_padding=&#8221;|||&#8221; global_colors_info=&#8221;{}&#8221; custom_padding__hover=&#8221;|||&#8221;][et_pb_image src=&#8221;https:\/\/icgsrl.it\/ita\/wp-content\/uploads\/2024\/04\/via-Civitavecchia-9.jpg&#8221; title_text=&#8221;via-Civitavecchia-9&#8243; force_fullwidth=&#8221;on&#8221; align_tablet=&#8221;center&#8221; align_phone=&#8221;center&#8221; align_last_edited=&#8221;on|desktop&#8221; _builder_version=&#8221;4.25.0&#8243; locked=&#8221;off&#8221; global_colors_info=&#8221;{}&#8221;][\/et_pb_image][\/et_pb_column][\/et_pb_row][et_pb_row _builder_version=&#8221;4.25.0&#8243; _module_preset=&#8221;default&#8221; global_colors_info=&#8221;{}&#8221;][et_pb_column type=&#8221;4_4&#8243; _builder_version=&#8221;4.25.0&#8243; _module_preset=&#8221;default&#8221; global_colors_info=&#8221;{}&#8221;][et_pb_text _builder_version=&#8221;4.25.0&#8243; _module_preset=&#8221;default&#8221; global_colors_info=&#8221;{}&#8221;]<\/p>\n<p><strong> Edificio Comunale Torre<\/strong><br \/>L\u2019edificio a torre, che si attesta verso la citt\u00e0, si configura come un segno urbano, una sorta di landmark radicato alla linea della strada principale di accesso all\u2019area. E\u2019 un blocco disegnato di carattere quasi scultoreo. Le bucature e le variazioni delle partiture delle finestre sono episodi che rispondono a una logica tipicamente milanese di concentrazione del fatto espressivo nel disegno delle facciate. La distribuzione con un solo vano scala comune ai due corpi della torre permette uno schema con quattro moduli per piano che si articola attraverso svuotamenti. In questo modo, e grazie all&#8217;inserimento di alcune tipologie duplex, si offre la possibilit\u00e0 di articolare lo schema planimetrico ai differenti tagli di alloggio che il programma richiede. Inserti verdi hanno la doppia funzione di arricchire gli alloggi e offrire un&#8217;immagine segnaletica del parco alla citt\u00e0. La struttura dell\u2019edificio \u00e8 costituita da setti in CLS armato con tamponamenti tradizionali. I fronti sono rivestiti da pannelli di fibrocemento tipo duravit con facciata ventilata a cappotto. Le ampie finestrature sono in legno naturale chiaro con sistemi oscuranti a pacchetto dello stesso legno e ringhiere a filo in ferro verniciato.<\/p>\n<p><strong>Le stecche<\/strong><br \/>Le stecche sono costruite come un sistema modulare di otto tipi di alloggi che si possono combinare. Le unit\u00e0 dei differenti alloggi pcers possono essere distribuite nei telai degli edifici a formare, secondo le esigenze, le diverse combinazioni in grado di soddisfare eventuali modificazioni del programma. Lo schema strutturale degli edifici permette lo slittamento degli alloggi lungo la linea distributiva del vano scale e del corridoio; la composizione dei blocchialloggio e, conseguentemente, dei fronti, genera un&#8217;immagine architettonica che rivela la struttura del programma. La combinazione degli alloggi non rimane per\u00f2 semplice espressione del meccanismo di aggregazione ma cerca, sia nella forma sia nel colore, di individuare un carattere architettonico compiuto in qualche misura riconducibile alla categoria del locale. Inserti verdi (giardini pensili) occupano gli spazi comuni a disposizione per possibili ampliamenti e per i terrazzi privati. Le facciate, attraversate dalle profonde logge comuni, sono in intonaco tinto in pasta interrotte da marcapiani in cemento prefabbricato. Le ampie finestrature sono in legno naturale chiaro con sistemi oscuranti a pacchetto dello stesso legno. Finestre e logge sono protette da ringhiere in ferro verniciato.<\/p>\n<p><strong>Servizi interni alla residenza<\/strong><br \/>I servizi alla residenza previsti da progetto sono posizionati in parte alla base delle residenze (portinariato comune nella stecca d\u2019ingresso) in parte all\u2019interno degli edifici. All\u2019ultimo piano delle stecche i terrazzi comuni ospitano una sala di uso collettivo ampliabile nei mesi caldi, grazie all\u2019uso di serramenti a scorrere, in spazi esterni di pari dimensione e affacciata, sull\u2019altro lato, su un giardino pensile chiuso da una cortina di rampicanti sostenuti da una rete parapetto in metallo. Completa l\u2019ultimo piano un\u2019ampia terrazza giardino pensata per il relax e per eventuali attivit\u00e0 ginniche. Nella torre la sala comune si trova al terzo piano, mentre la copertura ospita la terrazza giardino per usi collettivi. La piano terreno dii tutti gli edifici si trovano gli spazi accessori per il deposito biciclette e carrozzine.<\/p>\n<p><strong>Servizi per il quartiere e la citt\u00e0: l\u2019asilo<\/strong><br \/>Al piano terreno della stecca D si trova l\u2019asilo comunale. La struttura occupa in parte il profilo dell\u2019edificio di abitazione, in parte si estende con un corpo quadrato sulla piazza. Tra i due corpi si apre un piccolo giardino murato di pertinenza. L\u2019accesso all\u2019asilo e al condominio \u00e8 distribuito da un portico comune.<\/p>\n<p><strong>Servizi per il quartiere e la citt\u00e0: la Casa dell\u2019acqua<\/strong><br \/>L&#8217;interpretazione del tradizionale bagno orientale (hammam) diventa un centro di cura del corpo con l&#8217;acqua. Il servizio, misurato sul quartiere ma rivolto anche ad un uso cittadino, crea insieme al nuovo accesso al parco, una forte polarit\u00e0 nei confronti della citt\u00e0. I giardini interni, le vasche di cura, i bagni pubblici e la caffetteria disegnano sul lato del quartiere rivolto verso il parco una sorta di polo per il turismo urbano. La casa dell\u2019acqua \u00e8 il luogo del relax e della cura del corpo, dell\u2019igiene e della pulizia, delle relazioni sociali e multietniche. Una piccola struttura che si apre verso il parco per accogliere il quartiere e la citt\u00e0. La struttura dell&#8217;edificio, pensato come una sorta di lungo corrugamento del terreno che ospita il quartiere, vuole esprimere una mediazione tra lo spazio costruito e il parco.<br \/>La parte di edificio che ospita la casa dell\u2019acqua ha un carattere introverso, con ampi muri in beola, cemento a vista o in intonaco. Unica apertura verso l\u2019esterno, dal lato del parco, l\u2019ampia vetrata in acciaio che affaccia l\u2019ingresso sulla strada di accesso dal quartiere. Sul fronte sud-est il bar-caffetteria si apre invece con un\u2019ampia facciata strutturale in vetro e metallo, protetto da una pensilina in tubi di acciaio strutturale e copertura in vetro stratificato semitrasparente.<\/p>\n<p><strong>La piazza<\/strong><br \/>Il carattere misto dell\u2019area, dove il parco si connette con la citt\u00e0, \u00e8 interpretato dal progetto come una grande zona filtro in cui i due caratteri, urbano e naturale, si mescolano. L\u2019idea urbana si specchia nel meccanismo planimetrico che, a grande scala, disegna una parte di citt\u00e0 che entra nel verde e, viceversa, fa avanzare il parco esistente nella citt\u00e0. La parte dell\u2019area di progetto adiacente a Via Cazzaniga \u00e8 una lunga piazza che ospita tutti gli edifici previsti dal programma. La piazza, impostatata sul livello di Via Civitavecchia (125,80) per motivi di sicurezza dalle esondazioni periodiche del Lambro, rivela progressivamente il suo spessore nel progressivo digradare del parco. La superficie \u00e8 pavimentata con lastre di similpietra (conglomerato cementizio) e delimitata da cordoli tinti in pasta di colore uguale alla pavimentazione. I sistemi tecnici come griglie di aerazione, pozzetti e canali di raccolta delle acque sono integrati in elementi di seduta e vasche di terra piantumate. L\u2019illuminazione \u00e8 garantita da pali per esterni tipo Castaldi Tau distribuiti in modo uniforme. Gli accessi dalle strade sono garantiti in ogni punto da rampe per il superamento delle barriere architettoniche. Sul lato opposto rispetto a Via Cazzaniga il raccordo con il parco avviene tramite una breve scarpata di terra che termina contro il cordolo che delimita la Piazza.<\/p>\n<p><strong>Il parco<\/strong><br \/>Il tratto di Parco all\u2019interno dell\u2019area di progetto prosegue e completa il tracciato del parco esistente. Le alberature (olmi e pioppi cipressini) sono mantenute e integrate con nuovi alberi (acer rubrum) di misura minore, che permettono la messa a dimora anche sopra al terreno riportato che ricopre le autorimesse. Sul lato adiacente alle case minime il tracciato della strada \u00e8 ridisegnato e ridotto in modo da permettere la continuit\u00e0 tra il nuovo verde e i giardini interni al quartiere esistente. Il piazzale, attualmente parcheggio, \u00e8 ridisegnato con la rimozione del manto di asfalto e il completo inerbimento. L\u2019illuminazione, di tipo uguale alla piazza, sottolinea i passaggi dalla Via Civitavecchia al parco.<\/p>\n<p>[\/et_pb_text][\/et_pb_column][\/et_pb_row][et_pb_row column_structure=&#8221;1_2,1_2&#8243; _builder_version=&#8221;4.25.0&#8243; _module_preset=&#8221;default&#8221; global_colors_info=&#8221;{}&#8221;][et_pb_column type=&#8221;1_2&#8243; _builder_version=&#8221;4.25.0&#8243; _module_preset=&#8221;default&#8221; global_colors_info=&#8221;{}&#8221;][et_pb_image src=&#8221;https:\/\/icgsrl.it\/ita\/wp-content\/uploads\/2024\/04\/via-Civitavecchia_1.jpg&#8221; title_text=&#8221;via-Civitavecchia_1&#8243; _builder_version=&#8221;4.25.0&#8243; _module_preset=&#8221;default&#8221; global_colors_info=&#8221;{}&#8221;][\/et_pb_image][et_pb_image src=&#8221;https:\/\/icgsrl.it\/ita\/wp-content\/uploads\/2024\/04\/via-Civitavecchia_4.jpg&#8221; title_text=&#8221;via Civitavecchia_4&#8243; _builder_version=&#8221;4.25.0&#8243; _module_preset=&#8221;default&#8221; global_colors_info=&#8221;{}&#8221;][\/et_pb_image][et_pb_image src=&#8221;https:\/\/icgsrl.it\/ita\/wp-content\/uploads\/2024\/04\/via-Civitavecchia_6.jpg&#8221; title_text=&#8221;via Civitavecchia_6&#8243; _builder_version=&#8221;4.25.0&#8243; _module_preset=&#8221;default&#8221; global_colors_info=&#8221;{}&#8221;][\/et_pb_image][et_pb_image src=&#8221;https:\/\/icgsrl.it\/ita\/wp-content\/uploads\/2024\/04\/via-Civitavecchia_11.jpg&#8221; title_text=&#8221;via-Civitavecchia_11&#8243; _builder_version=&#8221;4.25.0&#8243; _module_preset=&#8221;default&#8221; height=&#8221;389px&#8221; global_colors_info=&#8221;{}&#8221;][\/et_pb_image][et_pb_image src=&#8221;https:\/\/icgsrl.it\/ita\/wp-content\/uploads\/2024\/04\/via-Civitavecchia_13.jpg&#8221; title_text=&#8221;via-Civitavecchia_13&#8243; _builder_version=&#8221;4.25.0&#8243; _module_preset=&#8221;default&#8221; global_colors_info=&#8221;{}&#8221;][\/et_pb_image][et_pb_image src=&#8221;https:\/\/icgsrl.it\/ita\/wp-content\/uploads\/2024\/04\/via-Civitavecchia_15.jpg&#8221; title_text=&#8221;via-Civitavecchia_15&#8243; _builder_version=&#8221;4.25.0&#8243; _module_preset=&#8221;default&#8221; global_colors_info=&#8221;{}&#8221;][\/et_pb_image][et_pb_image src=&#8221;https:\/\/icgsrl.it\/ita\/wp-content\/uploads\/2024\/04\/via-Civitavecchia_14.jpg&#8221; title_text=&#8221;via-Civitavecchia_14&#8243; _builder_version=&#8221;4.25.0&#8243; _module_preset=&#8221;default&#8221; global_colors_info=&#8221;{}&#8221;][\/et_pb_image][et_pb_image src=&#8221;https:\/\/icgsrl.it\/ita\/wp-content\/uploads\/2024\/04\/via-Civitavecchia-16.jpg&#8221; title_text=&#8221;via-Civitavecchia-16&#8243; _builder_version=&#8221;4.25.0&#8243; _module_preset=&#8221;default&#8221; height=&#8221;343px&#8221; global_colors_info=&#8221;{}&#8221;][\/et_pb_image][et_pb_image src=&#8221;https:\/\/icgsrl.it\/ita\/wp-content\/uploads\/2024\/04\/via-Civitavecchia-17.jpg&#8221; title_text=&#8221;via-Civitavecchia-17&#8243; _builder_version=&#8221;4.25.0&#8243; _module_preset=&#8221;default&#8221; global_colors_info=&#8221;{}&#8221;][\/et_pb_image][\/et_pb_column][et_pb_column type=&#8221;1_2&#8243; _builder_version=&#8221;4.25.0&#8243; _module_preset=&#8221;default&#8221; global_colors_info=&#8221;{}&#8221;][et_pb_image src=&#8221;https:\/\/icgsrl.it\/ita\/wp-content\/uploads\/2024\/04\/via-Civitavecchia_8.jpg&#8221; title_text=&#8221;via-Civitavecchia_8&#8243; _builder_version=&#8221;4.25.0&#8243; _module_preset=&#8221;default&#8221; global_colors_info=&#8221;{}&#8221;][\/et_pb_image][et_pb_image src=&#8221;https:\/\/icgsrl.it\/ita\/wp-content\/uploads\/2024\/04\/via-Civitavecchia_3.jpg&#8221; title_text=&#8221;via Civitavecchia_3&#8243; _builder_version=&#8221;4.25.0&#8243; _module_preset=&#8221;default&#8221; global_colors_info=&#8221;{}&#8221;][\/et_pb_image][et_pb_image src=&#8221;https:\/\/icgsrl.it\/ita\/wp-content\/uploads\/2024\/04\/via-Civitavecchia-5.jpg&#8221; title_text=&#8221;via Civitavecchia-5&#8243; _builder_version=&#8221;4.25.0&#8243; _module_preset=&#8221;default&#8221; global_colors_info=&#8221;{}&#8221;][\/et_pb_image][et_pb_image src=&#8221;https:\/\/icgsrl.it\/ita\/wp-content\/uploads\/2024\/04\/via-Civitavecchia_7.jpg&#8221; title_text=&#8221;via-Civitavecchia_7&#8243; _builder_version=&#8221;4.25.0&#8243; _module_preset=&#8221;default&#8221; global_colors_info=&#8221;{}&#8221;][\/et_pb_image][et_pb_image src=&#8221;https:\/\/icgsrl.it\/ita\/wp-content\/uploads\/2024\/04\/via-Civitavecchia-12.jpg&#8221; title_text=&#8221;via-Civitavecchia-12&#8243; _builder_version=&#8221;4.25.0&#8243; _module_preset=&#8221;default&#8221; global_colors_info=&#8221;{}&#8221;][\/et_pb_image][et_pb_image src=&#8221;https:\/\/icgsrl.it\/ita\/wp-content\/uploads\/2024\/04\/via-Civitavecchia-2.jpg&#8221; title_text=&#8221;via-Civitavecchia-2&#8243; _builder_version=&#8221;4.25.0&#8243; _module_preset=&#8221;default&#8221; global_colors_info=&#8221;{}&#8221;][\/et_pb_image][et_pb_image src=&#8221;https:\/\/icgsrl.it\/ita\/wp-content\/uploads\/2024\/04\/via-Civitavecchia-10.jpg&#8221; title_text=&#8221;via-Civitavecchia-10&#8243; _builder_version=&#8221;4.25.0&#8243; _module_preset=&#8221;default&#8221; global_colors_info=&#8221;{}&#8221;][\/et_pb_image][et_pb_image src=&#8221;https:\/\/icgsrl.it\/ita\/wp-content\/uploads\/2024\/04\/via-Civitavecchia_2.jpg&#8221; title_text=&#8221;via Civitavecchia_2&#8243; _builder_version=&#8221;4.25.0&#8243; _module_preset=&#8221;default&#8221; global_colors_info=&#8221;{}&#8221;][\/et_pb_image][et_pb_button button_url=&#8221;@ET-DC@eyJkeW5hbWljIjp0cnVlLCJjb250ZW50IjoicG9zdF9saW5rX3VybF9wYWdlIiwic2V0dGluZ3MiOnsicG9zdF9pZCI6IjEwMCJ9fQ==@&#8221; button_text=&#8221;Torna alla pagina Edilizia&#8221; _builder_version=&#8221;4.25.0&#8243; _dynamic_attributes=&#8221;button_url&#8221; _module_preset=&#8221;default&#8221; custom_button=&#8221;on&#8221; button_text_color=&#8221;#000000&#8243; global_colors_info=&#8221;{}&#8221;][\/et_pb_button][\/et_pb_column][\/et_pb_row][\/et_pb_section][et_pb_section fb_built=&#8221;1&#8243; use_custom_gutter=&#8221;on&#8221; gutter_width=&#8221;1&#8243; specialty=&#8221;on&#8221; background_color_1=&#8221;#ffb400&#8243; padding_top_1=&#8221;80px&#8221; padding_right_1=&#8221;6vw&#8221; padding_bottom_1=&#8221;80px&#8221; padding_left_1=&#8221;6vw&#8221; padding_top_bottom_link_1=&#8221;true&#8221; padding_left_right_link_1=&#8221;true&#8221; padding_1_tablet=&#8221;|10%||10%||true&#8221; padding_1_phone=&#8221;&#8221; padding_1_last_edited=&#8221;on|phone&#8221; admin_label=&#8221;Footer Section&#8221; module_class=&#8221; et_pb_specialty_fullwidth&#8221; _builder_version=&#8221;4.24.3&#8243; background_color=&#8221;#000000&#8243; inner_width=&#8221;100%&#8221; inner_width_tablet=&#8221;100%&#8221; inner_width_phone=&#8221;100%&#8221; inner_width_last_edited=&#8221;on|desktop&#8221; inner_max_width=&#8221;100%&#8221; inner_max_width_tablet=&#8221;100%&#8221; inner_max_width_phone=&#8221;100%&#8221; inner_max_width_last_edited=&#8221;on|desktop&#8221; custom_padding=&#8221;0px||0px||true&#8221; make_fullwidth=&#8221;on&#8221; global_colors_info=&#8221;{}&#8221; theme_builder_area=&#8221;post_content&#8221;][et_pb_column type=&#8221;1_2&#8243; _builder_version=&#8221;4.16&#8243; background_color=&#8221;#ffb400&#8243; custom_padding=&#8221;|||&#8221; global_colors_info=&#8221;{}&#8221; padding_tablet=&#8221;|10%||10%||true&#8221; padding_last_edited=&#8221;on|phone&#8221; custom_padding__hover=&#8221;|||&#8221; padding_phone=&#8221;|10%||10%||true&#8221; theme_builder_area=&#8221;post_content&#8221;][et_pb_text _builder_version=&#8221;4.24.3&#8243; text_font=&#8221;||||||||&#8221; header_font=&#8221;||||||||&#8221; header_2_font=&#8221;Rubik|700|||||||&#8221; header_2_font_size=&#8221;42px&#8221; header_2_line_height=&#8221;1.2em&#8221; custom_margin=&#8221;|||&#8221; custom_padding=&#8221;|||&#8221; header_2_font_size_tablet=&#8221;&#8221; header_2_font_size_phone=&#8221;36px&#8221; header_2_font_size_last_edited=&#8221;on|phone&#8221; locked=&#8221;off&#8221; global_colors_info=&#8221;{}&#8221; theme_builder_area=&#8221;post_content&#8221;]<\/p>\n<h2>Contattaci<\/h2>\n<p>[\/et_pb_text][et_pb_divider color=&#8221;#2a2a2a&#8221; divider_position=&#8221;center&#8221; divider_weight=&#8221;5px&#8221; _builder_version=&#8221;4.16&#8243; max_width=&#8221;50px&#8221; locked=&#8221;off&#8221; global_colors_info=&#8221;{}&#8221; theme_builder_area=&#8221;post_content&#8221;][\/et_pb_divider][et_pb_contact_form captcha=&#8221;off&#8221; submit_button_text=&#8221;Invia Messaggio&#8221; module_id=&#8221;et_pb_contact_form_0&#8243; _builder_version=&#8221;4.24.3&#8243; form_field_background_color=&#8221;#ffffff&#8221; title_font=&#8221;||||||||&#8221; form_field_font=&#8221;||||||||&#8221; form_field_font_size=&#8221;14px&#8221; form_field_line_height=&#8221;1.8em&#8221; custom_button=&#8221;on&#8221; button_text_size=&#8221;14px&#8221; button_text_color=&#8221;#ffffff&#8221; button_border_width=&#8221;4px&#8221; button_border_radius=&#8221;0px&#8221; button_letter_spacing=&#8221;4px&#8221; button_font=&#8221;Rubik|700||on|||||&#8221; button_icon=&#8221;&#x24;||divi||400&#8243; custom_margin=&#8221;30px||30px||true&#8221; custom_margin_last_edited=&#8221;off|desktop&#8221; form_background_color=&#8221;#ffffff&#8221; locked=&#8221;off&#8221; global_colors_info=&#8221;{}&#8221; theme_builder_area=&#8221;post_content&#8221;][et_pb_contact_field field_id=&#8221;Name&#8221; field_title=&#8221;Nome&#8221; _builder_version=&#8221;4.24.3&#8243; global_colors_info=&#8221;{}&#8221; button_text_size__hover_enabled=&#8221;off&#8221; button_one_text_size__hover_enabled=&#8221;off&#8221; button_two_text_size__hover_enabled=&#8221;off&#8221; button_text_color__hover_enabled=&#8221;off&#8221; button_one_text_color__hover_enabled=&#8221;off&#8221; button_two_text_color__hover_enabled=&#8221;off&#8221; button_border_width__hover_enabled=&#8221;off&#8221; button_one_border_width__hover_enabled=&#8221;off&#8221; button_two_border_width__hover_enabled=&#8221;off&#8221; button_border_color__hover_enabled=&#8221;off&#8221; button_one_border_color__hover_enabled=&#8221;off&#8221; button_two_border_color__hover_enabled=&#8221;off&#8221; button_border_radius__hover_enabled=&#8221;off&#8221; button_one_border_radius__hover_enabled=&#8221;off&#8221; button_two_border_radius__hover_enabled=&#8221;off&#8221; button_letter_spacing__hover_enabled=&#8221;off&#8221; button_one_letter_spacing__hover_enabled=&#8221;off&#8221; button_two_letter_spacing__hover_enabled=&#8221;off&#8221; button_bg_color__hover_enabled=&#8221;off&#8221; button_one_bg_color__hover_enabled=&#8221;off&#8221; button_two_bg_color__hover_enabled=&#8221;off&#8221; theme_builder_area=&#8221;post_content&#8221;][\/et_pb_contact_field][et_pb_contact_field field_id=&#8221;Email&#8221; field_title=&#8221;Email&#8221; field_type=&#8221;email&#8221; _builder_version=&#8221;4.24.3&#8243; global_colors_info=&#8221;{}&#8221; button_text_size__hover_enabled=&#8221;off&#8221; button_one_text_size__hover_enabled=&#8221;off&#8221; button_two_text_size__hover_enabled=&#8221;off&#8221; button_text_color__hover_enabled=&#8221;off&#8221; button_one_text_color__hover_enabled=&#8221;off&#8221; button_two_text_color__hover_enabled=&#8221;off&#8221; button_border_width__hover_enabled=&#8221;off&#8221; button_one_border_width__hover_enabled=&#8221;off&#8221; button_two_border_width__hover_enabled=&#8221;off&#8221; button_border_color__hover_enabled=&#8221;off&#8221; button_one_border_color__hover_enabled=&#8221;off&#8221; button_two_border_color__hover_enabled=&#8221;off&#8221; button_border_radius__hover_enabled=&#8221;off&#8221; button_one_border_radius__hover_enabled=&#8221;off&#8221; button_two_border_radius__hover_enabled=&#8221;off&#8221; button_letter_spacing__hover_enabled=&#8221;off&#8221; button_one_letter_spacing__hover_enabled=&#8221;off&#8221; button_two_letter_spacing__hover_enabled=&#8221;off&#8221; button_bg_color__hover_enabled=&#8221;off&#8221; button_one_bg_color__hover_enabled=&#8221;off&#8221; button_two_bg_color__hover_enabled=&#8221;off&#8221; theme_builder_area=&#8221;post_content&#8221;][\/et_pb_contact_field][et_pb_contact_field field_id=&#8221;Message&#8221; field_title=&#8221;Messaggio&#8221; field_type=&#8221;text&#8221; fullwidth_field=&#8221;on&#8221; _builder_version=&#8221;4.24.3&#8243; global_colors_info=&#8221;{}&#8221; button_text_size__hover_enabled=&#8221;off&#8221; button_one_text_size__hover_enabled=&#8221;off&#8221; button_two_text_size__hover_enabled=&#8221;off&#8221; button_text_color__hover_enabled=&#8221;off&#8221; button_one_text_color__hover_enabled=&#8221;off&#8221; button_two_text_color__hover_enabled=&#8221;off&#8221; button_border_width__hover_enabled=&#8221;off&#8221; button_one_border_width__hover_enabled=&#8221;off&#8221; button_two_border_width__hover_enabled=&#8221;off&#8221; button_border_color__hover_enabled=&#8221;off&#8221; button_one_border_color__hover_enabled=&#8221;off&#8221; button_two_border_color__hover_enabled=&#8221;off&#8221; button_border_radius__hover_enabled=&#8221;off&#8221; button_one_border_radius__hover_enabled=&#8221;off&#8221; button_two_border_radius__hover_enabled=&#8221;off&#8221; button_letter_spacing__hover_enabled=&#8221;off&#8221; button_one_letter_spacing__hover_enabled=&#8221;off&#8221; button_two_letter_spacing__hover_enabled=&#8221;off&#8221; button_bg_color__hover_enabled=&#8221;off&#8221; button_one_bg_color__hover_enabled=&#8221;off&#8221; button_two_bg_color__hover_enabled=&#8221;off&#8221; theme_builder_area=&#8221;post_content&#8221;][\/et_pb_contact_field][\/et_pb_contact_form][\/et_pb_column][et_pb_column type=&#8221;1_2&#8243; specialty_columns=&#8221;2&#8243; _builder_version=&#8221;4.16&#8243; custom_padding=&#8221;|||&#8221; global_colors_info=&#8221;{}&#8221; custom_padding__hover=&#8221;|||&#8221; theme_builder_area=&#8221;post_content&#8221;][et_pb_row_inner make_equal=&#8221;on&#8221; custom_padding_last_edited=&#8221;on|desktop&#8221; _builder_version=&#8221;4.25.0&#8243; background_color=&#8221;#222222&#8243; background_image=&#8221;https:\/\/icgsrl.it\/ita\/wp-content\/uploads\/2024\/04\/Edilizia_6-1.jpg&#8221; height=&#8221;581px&#8221; custom_padding=&#8221;80px|6vw|80px|6vw|true|true&#8221; custom_padding_tablet=&#8221;|3vw||3vw||true&#8221; custom_padding_phone=&#8221;&#8221; global_colors_info=&#8221;{}&#8221; theme_builder_area=&#8221;post_content&#8221;][et_pb_column_inner saved_specialty_column_type=&#8221;1_2&#8243; _builder_version=&#8221;4.16&#8243; custom_padding=&#8221;|||&#8221; global_colors_info=&#8221;{}&#8221; custom_padding__hover=&#8221;|||&#8221; theme_builder_area=&#8221;post_content&#8221;][\/et_pb_column_inner][\/et_pb_row_inner][\/et_pb_column][\/et_pb_section]<\/p>\n","protected":false},"excerpt":{"rendered":"<p>COMUNE DI MILANOEdilizia SocialeVia CivitavecchiaABITARE A MILANO\/1 &#8211; Nuovi spazi urbani per gli insediamenti di edilizia sociale \u2013 via CivitavecchiaDettagli del ProgettoMilanoVia Civitavecchia \u20ac: 12.028.833,74 Data: 2006-2010 Committente: COMUNE DI MILANO Progettista: Studio Associato Consalez-Rossi &#8211;\u00a0 Milano Direttore Lavori: Dott. Ing. Carenzi Ambrogio Edificio Comunale TorreL\u2019edificio a torre, che si attesta verso la citt\u00e0, si [&hellip;]<\/p>\n","protected":false},"author":1,"featured_media":0,"parent":0,"menu_order":0,"comment_status":"closed","ping_status":"closed","template":"","meta":{"_et_pb_use_builder":"on","_et_pb_old_content":"","_et_gb_content_width":"","footnotes":""},"class_list":["post-1377","page","type-page","status-publish","hentry"],"_links":{"self":[{"href":"https:\/\/icgsrl.it\/ita\/wp-json\/wp\/v2\/pages\/1377","targetHints":{"allow":["GET"]}}],"collection":[{"href":"https:\/\/icgsrl.it\/ita\/wp-json\/wp\/v2\/pages"}],"about":[{"href":"https:\/\/icgsrl.it\/ita\/wp-json\/wp\/v2\/types\/page"}],"author":[{"embeddable":true,"href":"https:\/\/icgsrl.it\/ita\/wp-json\/wp\/v2\/users\/1"}],"replies":[{"embeddable":true,"href":"https:\/\/icgsrl.it\/ita\/wp-json\/wp\/v2\/comments?post=1377"}],"version-history":[{"count":7,"href":"https:\/\/icgsrl.it\/ita\/wp-json\/wp\/v2\/pages\/1377\/revisions"}],"predecessor-version":[{"id":2184,"href":"https:\/\/icgsrl.it\/ita\/wp-json\/wp\/v2\/pages\/1377\/revisions\/2184"}],"wp:attachment":[{"href":"https:\/\/icgsrl.it\/ita\/wp-json\/wp\/v2\/media?parent=1377"}],"curies":[{"name":"wp","href":"https:\/\/api.w.org\/{rel}","templated":true}]}}